{"id":147,"date":"2017-09-26T03:20:02","date_gmt":"2017-09-26T03:20:02","guid":{"rendered":"https:\/\/xstore.8theme.com\/demos\/spa\/?page_id=147"},"modified":"2020-09-04T22:08:25","modified_gmt":"2020-09-04T20:08:25","slug":"services-particulier","status":"publish","type":"page","link":"https:\/\/regarddinterieurs.be\/index.php\/services-particulier\/","title":{"rendered":"Particulier"},"content":{"rendered":"<p>[vc_row][vc_column width=&#8221;1\/2&#8243;][vc_row_inner el_class=&#8221;shadow&#8221; css=&#8221;.vc_custom_1506504550100{margin-right: 0px !important;}&#8221;][vc_column_inner css=&#8221;.vc_custom_1506506687901{padding-top: 40px !important;padding-right: 40px !important;padding-bottom: 40px !important;padding-left: 40px !important;}&#8221;][vc_icon icon_fontawesome=&#8221;fas fa-magic&#8221; color=&#8221;violet&#8221; size=&#8221;xl&#8221; align=&#8221;center&#8221;][vc_custom_heading text=&#8221;Baguette Magique&#8221; font_container=&#8221;tag:h2|font_size:45px|text_align:center|color:%23b094ab|line_height:45px&#8221; use_theme_fonts=&#8221;yes&#8221; el_class=&#8221;capitalize&#8221;][vc_custom_heading text=&#8221;Nettoyage \u00e9nerg\u00e9tique&#8221; font_container=&#8221;tag:h3|font_size:30px|text_align:center|line_height:30px&#8221; use_theme_fonts=&#8221;yes&#8221; el_class=&#8221;capitalize&#8221;][vc_empty_space height=&#8221;40px&#8221;][vc_column_text]<\/p>\n<p class=\"p1\" style=\"text-align: center;\"><span class=\"s1\">Tu t\u2019interroges sur les effets de ton environnement qui pourraient <b>g\u00eaner\u00a0<\/b><\/span><span class=\"s2\"><b>TON BIEN-\u00caTRE ou TA SANT\u00c9.<\/b><\/span><\/p>\n<p class=\"p1\" style=\"text-align: center;\"><span class=\"s1\">Ton <\/span><span class=\"s2\"><b>SOMMEIL<\/b><\/span><span class=\"s1\">, o\u00f9 celui d\u2019un de tes proches est perturb\u00e9, tu te r\u00e9veilles fatigu\u00e9e, ce qui entraine du stress, un mal-\u00eatre, des maladies. <\/span><\/p>\n<p class=\"p1\" style=\"text-align: center;\"><span class=\"s1\">Tu viens <b>d\u2019emm\u00e9nager<\/b>, de <b>construire<\/b> et tu as envie d\u2019\u00eatre <\/span><span class=\"s2\"><b>HEUREUSE<\/b><\/span><span class=\"s1\"> dans ta nouvelle <\/span><span class=\"s2\"><b>MAISON<\/b><\/span><span class=\"s1\">.<\/span><\/p>\n<p class=\"p1\" style=\"text-align: center;\"><span class=\"s1\">Tu te demandes si les <b>\u00e9nergies<\/b> sont bonnes, s\u2019il <\/span><span class=\"s1\">ne reste pas des <b>traces du pass\u00e9<\/b> (anciens propri\u00e9taires, locataires, travaux, voisinages\u2026) <\/span><span class=\"s1\">qui pourraient nuire \u00e0\u00a0 <\/span><span class=\"s2\"><b>TON BONHEUR<\/b><\/span><span class=\"s1\">!<\/span><span class=\"s1\"><span class=\"Apple-converted-space\">\u00a0\u00a0<\/span><\/span><\/p>\n<p>&nbsp;<\/p>\n<p style=\"text-align: center;\"><span class=\"s3\"><strong>ATTIRE<\/strong> LES BONNES<\/span><span class=\"s1\"> \u00c9NERGIES\u00a0<\/span><\/p>\n<p class=\"p1\" style=\"text-align: center;\"><span class=\"s1\">gr\u00e2ce \u00e0 <\/span><span class=\"s3\">la <\/span><span class=\"s1\"><b>G\u00c9OBIOLOGIE<\/b><\/span><\/p>\n<p>[\/vc_column_text][vc_btn title=&#8221;En savoir plus&#8221; color=&#8221;violet&#8221; size=&#8221;lg&#8221; align=&#8221;center&#8221; link=&#8221;url:https%3A%2F%2Fregarddinterieurs.be%2Findex.php%2Fbaguette-magique-2%2F|title:Tiroir%20Magique&#8221;][\/vc_column_inner][\/vc_row_inner][\/vc_column][vc_column width=&#8221;1\/2&#8243;][vc_row_inner el_class=&#8221;shadow&#8221; css=&#8221;.vc_custom_1506504550100{margin-right: 0px !important;}&#8221;][vc_column_inner css=&#8221;.vc_custom_1506506687901{padding-top: 40px !important;padding-right: 40px !important;padding-bottom: 40px !important;padding-left: 40px !important;}&#8221;][vc_icon icon_fontawesome=&#8221;fas fa-home&#8221; color=&#8221;violet&#8221; size=&#8221;xl&#8221; align=&#8221;center&#8221;][vc_custom_heading text=&#8221;Tiroir Magique&#8221; font_container=&#8221;tag:h2|font_size:45px|text_align:center|color:%23b094ab|line_height:45px&#8221; use_theme_fonts=&#8221;yes&#8221; el_class=&#8221;capitalize&#8221;][vc_custom_heading text=&#8221;Activation \u00e9nerg\u00e9tique&#8221; font_container=&#8221;tag:h3|font_size:30px|text_align:center|line_height:30px&#8221; use_theme_fonts=&#8221;yes&#8221; el_class=&#8221;capitalize&#8221;][vc_empty_space height=&#8221;40px&#8221;][vc_column_text]<\/p>\n<p class=\"p1\" style=\"text-align: center;\"><span class=\"s1\">Le<b> <\/b><\/span><span class=\"s2\"><b>FENG SHUI<\/b><\/span><span class=\"s1\"><b> <\/b>t\u2019interpelle, tu en as entendu parl\u00e9, tu connais un peu, beaucoup, tu t\u2019es document\u00e9e\u2026 Mais tu ne t\u2019y retrouves pas seule!<\/span><\/p>\n<p class=\"p1\" style=\"text-align: center;\"><span class=\"s1\">Tu as <b>besoin d\u2019aide<\/b> pour choisir ta <b>d\u00e9co<\/b> en <b>conscience<\/b>, tes couleurs favorables, objets, placement de ton mobilier pour un int\u00e9rieur en <\/span><span class=\"s2\"><b>HARMONIE<\/b><\/span><span class=\"s1\"><b> <\/b>avec tes <b>aspirations<\/b> et les conseils d\u2019une professionnelle sont les bienvenus!<\/span><\/p>\n<p class=\"p1\" style=\"text-align: center;\"><span class=\"s1\">Il y a beaucoup de Feng Sui diff\u00e9rents &amp; tu as <b>peur de te tromper,<\/b> de mal faire \u00e9nerg\u00e9tiquement!<\/span><\/p>\n<p class=\"p1\" style=\"text-align: center;\"><span class=\"s1\">Tu penses que le Feng Shui va te permettre d\u2019<b>\u00e9lever le niveau vibratoire<\/b> de ton lieu de vie.<\/span><\/p>\n<p>&nbsp;<\/p>\n<p class=\"p3\" style=\"text-align: center;\"><span class=\"s3\"><strong>ACTIVE<\/strong> TES<strong> ZONES DE VIE<\/strong><\/span><\/p>\n<p class=\"p3\" style=\"text-align: center;\"><span class=\"s3\">gr\u00e2ce au <\/span><span class=\"s1\"><b>FENG SHUI TIB\u00c9TAIN<\/b><\/span><\/p>\n<p>[\/vc_column_text][vc_btn title=&#8221;En savoir plus&#8221; color=&#8221;violet&#8221; size=&#8221;lg&#8221; align=&#8221;center&#8221; link=&#8221;url:https%3A%2F%2Fregarddinterieurs.be%2Findex.php%2Ftiroir-magique%2F|title:Baguette%20Magique&#8221;][\/vc_column_inner][\/vc_row_inner][\/vc_column][\/vc_row][vc_row][vc_column][vc_row_inner el_class=&#8221;shadow&#8221; css=&#8221;.vc_custom_1506504550100{margin-right: 0px !important;}&#8221;][vc_column_inner css=&#8221;.vc_custom_1506506687901{padding-top: 40px !important;padding-right: 40px !important;padding-bottom: 40px !important;padding-left: 40px !important;}&#8221;][vc_icon icon_fontawesome=&#8221;fas fa-user-friends&#8221; color=&#8221;violet&#8221; size=&#8221;xl&#8221; align=&#8221;center&#8221;][vc_custom_heading text=&#8221;Miroir Magique&#8221; font_container=&#8221;tag:h2|font_size:45px|text_align:center|color:%23b094ab|line_height:45px&#8221; use_theme_fonts=&#8221;yes&#8221; el_class=&#8221;capitalize&#8221;][vc_custom_heading text=&#8221;Accompagnement sur mesure&#8221; font_container=&#8221;tag:h3|font_size:30px|text_align:center|line_height:30px&#8221; use_theme_fonts=&#8221;yes&#8221; el_class=&#8221;capitalize&#8221;][vc_empty_space height=&#8221;40px&#8221;][vc_column_text]<\/p>\n<p class=\"p1\" style=\"text-align: center;\"><span class=\"s1\">Ton pass\u00e9 a laiss\u00e9 sur toi des <b>m\u00e9moires<\/b>, <b>blessures<\/b>, <b>peurs<\/b>, <b>\u00e9motions<\/b> diverses qui te p\u00e8sent actuellement.<\/span><\/p>\n<p class=\"p1\" style=\"text-align: center;\"><span class=\"s1\">Tu sens qu\u2019il est temps de <b>t\u2019en lib\u00e9rer<\/b> et tu es pr\u00eate \u00e0 faire confiance en l\u2019\u00e9nerg\u00e9tique car tu as probablement d\u00e9j\u00e0 essay\u00e9 diverses techniques qui n\u2019ont pas fonctionn\u00e9 sur toi.<\/span><\/p>\n<p>&nbsp;<\/p>\n<p class=\"p1\" style=\"text-align: center;\"><span class=\"s1\">Tu as d\u00e9j\u00e0 fait du <b>d\u00e9veloppement personnel<\/b> et<\/span><\/p>\n<p class=\"p1\" style=\"text-align: center;\"><span class=\"s1\">tu as envie d\u2019aller plus loin!<\/span><\/p>\n<p class=\"p1\" style=\"text-align: center;\"><span class=\"s1\">Tu es <b>pr\u00eate \u00e0 t\u2019investir <\/b>pour une <b>nouvelle vie<\/b> pleine de sens en accord avec tes <b>valeurs<\/b> et <b>aspirations<\/b> en \u00e9levant tes propres \u00c9NERGIES\u2026<\/span><\/p>\n<p>&nbsp;<\/p>\n<p class=\"p1\" style=\"text-align: center;\"><span class=\"s1\">Formule VIP<\/span><\/p>\n<p class=\"p3\" style=\"text-align: center;\"><span class=\"s2\">comprenant le <\/span><span class=\"s1\">NETTOYAGE \u00c9NERG\u00c9TIQUE <\/span><\/p>\n<p class=\"p3\" style=\"text-align: center;\"><span class=\"s1\">avec la <strong>G\u00c9OBIOLOGIE <\/strong><\/span><\/p>\n<p style=\"text-align: center;\">+ ACTIVATION \u00c9NERG\u00c9TIQUE avec le<strong> FENG SHUI<\/strong><\/p>\n<p style=\"text-align: center;\">+ le <strong>FENG SHUI de l&#8217;HUMAIN<\/strong><\/p>\n<p>[\/vc_column_text][vc_btn title=&#8221;En savoir plus&#8221; color=&#8221;violet&#8221; size=&#8221;lg&#8221; align=&#8221;center&#8221; link=&#8221;url:https%3A%2F%2Fregarddinterieurs.be%2Findex.php%2Fmiroir-magique%2F|title:Miroir%20Magique&#8221;][\/vc_column_inner][\/vc_row_inner][\/vc_column][\/vc_row]<\/p>\n","protected":false},"excerpt":{"rendered":"<p>[vc_row][vc_column width=&#8221;1\/2&#8243;][vc_row_inner el_class=&#8221;shadow&#8221; css=&#8221;.vc_custom_1506504550100{margin-right: 0px !important;}&#8221;][vc_column_inner css=&#8221;.vc_custom_1506506687901{padding-top: 40px !important;padding-right: 40px !important;padding-bottom: 40px !important;padding-left: 40px !important;}&#8221;][vc_icon icon_fontawesome=&#8221;fas fa-magic&#8221; color=&#8221;violet&#8221; size=&#8221;xl&#8221; align=&#8221;center&#8221;][vc_custom_heading<\/p>\n","protected":false},"author":1,"featured_media":0,"parent":0,"menu_order":0,"comment_status":"closed","ping_status":"closed","template":"","meta":[],"yoast_head":"<!-- This site is optimized with the Yoast SEO plugin v14.9 - https:\/\/yoast.com\/wordpress\/plugins\/seo\/ -->\n<title>Particulier - Regard d&#039;int\u00e9rieurs<\/title>\n<meta name=\"robots\" content=\"index, follow, max-snippet:-1, max-image-preview:large, max-video-preview:-1\" \/>\n<link rel=\"canonical\" href=\"https:\/\/regarddinterieurs.be\/index.php\/services-particulier\/\" \/>\n<meta property=\"og:locale\" content=\"fr_FR\" \/>\n<meta property=\"og:type\" content=\"article\" \/>\n<meta property=\"og:title\" content=\"Particulier - Regard d&#039;int\u00e9rieurs\" \/>\n<meta property=\"og:description\" content=\"[vc_row][vc_column width=&#8221;1\/2&#8243;][vc_row_inner el_class=&#8221;shadow&#8221; css=&#8221;.vc_custom_1506504550100{margin-right: 0px !important;}&#8221;][vc_column_inner css=&#8221;.vc_custom_1506506687901{padding-top: 40px !important;padding-right: 40px !important;padding-bottom: 40px !important;padding-left: 40px !important;}&#8221;][vc_icon icon_fontawesome=&#8221;fas fa-magic&#8221; color=&#8221;violet&#8221; size=&#8221;xl&#8221; align=&#8221;center&#8221;][vc_custom_heading\" \/>\n<meta property=\"og:url\" content=\"https:\/\/regarddinterieurs.be\/index.php\/services-particulier\/\" \/>\n<meta property=\"og:site_name\" content=\"Regard d&#039;int\u00e9rieur\" \/>\n<meta property=\"article:publisher\" content=\"https:\/\/www.facebook.com\/Regard-dInt%c3%a9rieurs-1458753811055216\" \/>\n<meta property=\"article:modified_time\" content=\"2020-09-04T20:08:25+00:00\" \/>\n<meta name=\"twitter:card\" content=\"summary_large_image\" \/>\n<script type=\"application\/ld+json\" class=\"yoast-schema-graph\">{\"@context\":\"https:\/\/schema.org\",\"@graph\":[{\"@type\":\"WebSite\",\"@id\":\"https:\/\/regarddinterieurs.be\/#website\",\"url\":\"https:\/\/regarddinterieurs.be\/\",\"name\":\"Regard d&#039;int\\u00e9rieur\",\"description\":\"Un nouveau regard sur ton int\\u00e9rieur\",\"potentialAction\":[{\"@type\":\"SearchAction\",\"target\":\"https:\/\/regarddinterieurs.be\/?s={search_term_string}\",\"query-input\":\"required name=search_term_string\"}],\"inLanguage\":\"fr-FR\"},{\"@type\":\"WebPage\",\"@id\":\"https:\/\/regarddinterieurs.be\/index.php\/services-particulier\/#webpage\",\"url\":\"https:\/\/regarddinterieurs.be\/index.php\/services-particulier\/\",\"name\":\"Particulier - Regard d'int\\u00e9rieurs\",\"isPartOf\":{\"@id\":\"https:\/\/regarddinterieurs.be\/#website\"},\"datePublished\":\"2017-09-26T03:20:02+00:00\",\"dateModified\":\"2020-09-04T20:08:25+00:00\",\"inLanguage\":\"fr-FR\",\"potentialAction\":[{\"@type\":\"ReadAction\",\"target\":[\"https:\/\/regarddinterieurs.be\/index.php\/services-particulier\/\"]}]}]}<\/script>\n<!-- \/ Yoast SEO plugin. -->","_links":{"self":[{"href":"https:\/\/regarddinterieurs.be\/index.php\/wp-json\/wp\/v2\/pages\/147"}],"collection":[{"href":"https:\/\/regarddinterieurs.be\/index.php\/wp-json\/wp\/v2\/pages"}],"about":[{"href":"https:\/\/regarddinterieurs.be\/index.php\/wp-json\/wp\/v2\/types\/page"}],"author":[{"embeddable":true,"href":"https:\/\/regarddinterieurs.be\/index.php\/wp-json\/wp\/v2\/users\/1"}],"replies":[{"embeddable":true,"href":"https:\/\/regarddinterieurs.be\/index.php\/wp-json\/wp\/v2\/comments?post=147"}],"version-history":[{"count":42,"href":"https:\/\/regarddinterieurs.be\/index.php\/wp-json\/wp\/v2\/pages\/147\/revisions"}],"predecessor-version":[{"id":1104,"href":"https:\/\/regarddinterieurs.be\/index.php\/wp-json\/wp\/v2\/pages\/147\/revisions\/1104"}],"wp:attachment":[{"href":"https:\/\/regarddinterieurs.be\/index.php\/wp-json\/wp\/v2\/media?parent=147"}],"curies":[{"name":"wp","href":"https:\/\/api.w.org\/{rel}","templated":true}]}}