{"id":606,"date":"2020-08-29T22:49:23","date_gmt":"2020-08-29T20:49:23","guid":{"rendered":"http:\/\/regarddinterieurs.be\/index.php\/atelier-copy\/"},"modified":"2020-09-04T18:24:19","modified_gmt":"2020-09-04T16:24:19","slug":"temoignages","status":"publish","type":"page","link":"https:\/\/regarddinterieurs.be\/index.php\/temoignages\/","title":{"rendered":"T\u00e9moignages"},"content":{"rendered":"<p>[vc_row css=&#8221;.vc_custom_1506489625791{margin-bottom: 40px !important;}&#8221;][vc_column css_animation=&#8221;fadeIn&#8221;][vc_video link=&#8221;https:\/\/youtu.be\/-Z9YJnL3ERc&#8221; align=&#8221;center&#8221;][\/vc_column][\/vc_row][vc_row][vc_column][vc_custom_heading text=&#8221;Heureuse de partager les retours de mes clientes&#8221; font_container=&#8221;tag:h2|font_size:66px|text_align:center|color:%23575558|line_height:70px&#8221; use_theme_fonts=&#8221;yes&#8221; el_class=&#8221;capitalize responsive-size&#8221; css=&#8221;.vc_custom_1598955704150{margin-bottom: 30px !important;}&#8221;][vc_empty_space height=&#8221;40px&#8221;][\/vc_column][\/vc_row][vc_row][vc_column width=&#8221;1\/2&#8243;][vc_column_text]<span style=\"font-weight: 400;\">\u00ab <\/span><i><span style=\"font-weight: 400;\">Je connaissais le Feng Shui et l&#8217;utilisais en &#8216;auto m\u00e9dication&#8217;. Bien <\/span><\/i><i><span style=\"font-weight: 400;\">que persuad\u00e9e que \u00e7a peut marcher, je n&#8217;avais pas encore vraiment v\u00e9cu de r\u00e9els changements que je pouvais lui imputer. Je me demandais donc si et comment on pouvait avoir un r\u00e9el impact en ne travaillant qu&#8217;une zone alors que d&#8217;habitude, les consultations en Feng Shui sont plus globales, sur toute l&#8217;habitation.\u00a0<\/span><\/i><\/p>\n<p><i><span style=\"font-weight: 400;\">Je dois dire que je ne suis pas d\u00e9\u00e7ue ! Les conseils de Katia sont judicieux et ne demandent pas de &#8216;grands changements&#8217; ; j&#8217;avais en effet toujours &#8216;eu peur&#8217; de faire appel \u00e0 une consultante Feng Shui, pensant que \u00e7a me demanderait de faire trop de gros changements (repeindre, changer de meubles &#8230;) et donc, un trop gros budget en plus de la\/des consultation(s).\u00a0<\/span><\/i><\/p>\n<p><i><span style=\"font-weight: 400;\">Mais non, Katia nous donne des conseils de formes, couleurs, types d&#8217;objets ou de mati\u00e8res &#8230; \u00e0 utiliser dans la zone pour l&#8217;activer ; on peut donc faire avec ce qu&#8217;on a ou sans devoir refaire toute la d\u00e9co.\u00a0<\/span><\/i><\/p>\n<p><i><span style=\"font-weight: 400;\">De plus, la fa\u00e7on dont Katia nous parle de notre habitation, nous pr\u00e9sente le Feng Shui et ses conseils est d\u00e9j\u00e0 un changement d&#8217;\u00e9nergie en soi. J&#8217;ai senti les \u00e9nergies bouger d\u00e8s notre entretien.\u00a0<\/span><\/i><\/p>\n<p><b><i>Douceur<\/i><\/b><i><span style=\"font-weight: 400;\">, <\/span><\/i><b><i>\u00e9coute<\/i><\/b><i><span style=\"font-weight: 400;\">, <\/span><\/i><b><i>empathie <\/i><\/b><i><span style=\"font-weight: 400;\">et <\/span><\/i><b><i>professionnalisme <\/i><\/b><i><span style=\"font-weight: 400;\">s&#8217;ajoutent aux conseils Feng Shui de Katia.\u00a0<\/span><\/i><\/p>\n<p><i><span style=\"font-weight: 400;\">Ce &#8216;<\/span><\/i><b><i>tiroir magique<\/i><\/b><i><span style=\"font-weight: 400;\">&#8216; m&#8217;a donc apport\u00e9 un r\u00e9el changement d&#8217;\u00e9nergie dans la maison, de vrais conseils faciles \u00e0 mettre en place et,\u00a0<\/span><\/i><\/p>\n<p><i><span style=\"font-weight: 400;\">rapidement, des 1ers r\u00e9sultats\u00a0<\/span><\/i><\/p>\n<p><i><span style=\"font-weight: 400;\">Les conseils donn\u00e9s par Katia m&#8217;ont vraiment permis d\u2019<\/span><\/i><b><i>ancrer dans la mati\u00e8re tous les changements &#8216;\u00e9nerg\u00e9tiques et\/ou spirituels&#8217; <\/i><\/b><i><span style=\"font-weight: 400;\">que j&#8217;avais d\u00e9j\u00e0 commenc\u00e9 \u00e0 mettre en place ; tout est devenu plus &#8216;r\u00e9el&#8217;, concret.\u00a0<\/span><\/i><\/p>\n<p><i><span style=\"font-weight: 400;\">Je ne peux que le conseiller aux personnes qui sont tent\u00e9es par une analyse Feng Shui mais qui ne sont pas (encore) pr\u00eats \u00e0 le faire tout de suite sur la maison enti\u00e8re. <\/span><\/i><span style=\"font-weight: 400;\">\u00bb\u00a0<\/span><\/p>\n<p style=\"text-align: right;\"><em><span style=\"font-weight: 400;\">Sibylle<\/span><\/em><\/p>\n<p>[\/vc_column_text][\/vc_column][vc_column width=&#8221;1\/2&#8243;][vc_column_text]<span style=\"font-weight: 400;\">\u00ab <\/span><i><span style=\"font-weight: 400;\">J\u2019ai contact\u00e9 une sp\u00e9cialiste en Feng Shui afin qu\u2019elle fasse l\u2019\u00e9tude de mon <\/span><\/i><i><span style=\"font-weight: 400;\">appartement pour voir si il y avait moyen d\u2019am\u00e9liorer certaines choses pour obtenir une <\/span><\/i><b><i>meilleure harmonie entre mon environnement et mon bien-\u00eatre<\/i><\/b><i><span style=\"font-weight: 400;\">. Il faut \u00e9galement faire circuler une bonne \u00e9nergie dans toute l\u2019habitation.\u00a0<\/span><\/i><\/p>\n<p><i><span style=\"font-weight: 400;\">Sur base des plans et des informations que je lui ai fournis, elle m\u2019a envoy\u00e9 un <\/span><\/i><b><i>dossier complet de 27 pages<\/i><\/b><i><span style=\"font-weight: 400;\">. Elle a plac\u00e9 une grille avec des cases num\u00e9rot\u00e9es sur le plan. Chaque case repr\u00e9sente une zone correspondant \u00e0 des secteurs diff\u00e9rents tels que la Sant\u00e9- famille, l\u2019amour, la carri\u00e8re, l\u2019abondance, la connaissance, la r\u00e9putation, les projets, les aides ext\u00e9rieures et l\u2019\u00e9quilibre.\u00a0<\/span><\/i><\/p>\n<p><i><span style=\"font-weight: 400;\">Nous avons analys\u00e9 chaque zone pour voir si elle pouvait \u00eatre am\u00e9lior\u00e9e en y ajoutant l\u2019un ou l\u2019autre objet ou si au contraire, il fallait enlever un ou l\u2019autre objet non recommand\u00e9 pour cette zone.\u00a0<\/span><\/i><\/p>\n<p><i><span style=\"font-weight: 400;\">Apr\u00e8s cette analyse tr\u00e8s compl\u00e8te, elle s\u2019est int\u00e9ress\u00e9e \u00e0 ma personne et a remarqu\u00e9 que plusieurs programmations n\u00e9gatives \u00e9taient sur moi. Nous avons d\u00fb elle et moi, faire certaines choses afin de neutraliser ces mauvaises programmations.\u00a0<\/span><\/i><\/p>\n<p><i><span style=\"font-weight: 400;\">Nous travaillons chacune de notre c\u00f4t\u00e9 puis nous nous retrouvons apr\u00e8s une semaine pour faire le point et passer \u00e0 la phase suivante.\u00a0<\/span><\/i><\/p>\n<p><i><span style=\"font-weight: 400;\">Elle est <\/span><\/i><b><i>tr\u00e8s professionnelle <\/i><\/b><i><span style=\"font-weight: 400;\">et prend de mes nouvelles r\u00e9guli\u00e8rement pour voir si tout se passe bien dans les exercices que je dois r\u00e9aliser. Elle est \u00e9galement <\/span><\/i><b><i>pr\u00e9sente pour r\u00e9pondre \u00e0 toute question<\/i><\/b><i><span style=\"font-weight: 400;\">.\u00a0<\/span><\/i><\/p>\n<p><i><span style=\"font-weight: 400;\">Le travail est pr\u00e9vu sur environ 4 semaines mais elle dit d\u00e9j\u00e0 que s\u2019il faut prolonger, on prolongera.\u00a0<\/span><\/i><\/p>\n<p><i><span style=\"font-weight: 400;\">Je te la <\/span><\/i><b><i>recommande vivement<\/i><\/b><i><span style=\"font-weight: 400;\">, elle est tr\u00e8s bien. <\/span><\/i><span style=\"font-weight: 400;\">\u00bb\u00a0<\/span><\/p>\n<p style=\"text-align: right;\"><em><span style=\"font-weight: 400;\">Fabienne <\/span><\/em><\/p>\n<p>[\/vc_column_text][\/vc_column][\/vc_row][vc_row][vc_column][vc_column_text]<span style=\"font-weight: 400;\">\u00ab <\/span><i><span style=\"font-weight: 400;\">En ce moment j\u2019\u00e9volue bien et suis assez <\/span><\/i><b><i>positive <\/i><\/b><i><span style=\"font-weight: 400;\">et <\/span><\/i><b><i>constructive <\/i><\/b><i><span style=\"font-weight: 400;\">dans mes <\/span><\/i><i><span style=\"font-weight: 400;\">actions.\u00a0<\/span><\/i><\/p>\n<p><i><span style=\"font-weight: 400;\">Je te remercie pour le travail que tu m\u2019as permis de r\u00e9aliser afin d\u2019am\u00e9liorer le <\/span><\/i><b><i>bien-\u00eatre de mes \u00ab int\u00e9rieurs \u00bb<\/i><\/b><i><span style=\"font-weight: 400;\">.\u00a0<\/span><\/i><\/p>\n<p><i><span style=\"font-weight: 400;\">J\u2019ai particuli\u00e8rement appr\u00e9ci\u00e9 la mani\u00e8re avec laquelle tu travailles et la pr\u00e9cision de tes consignes. Tu connais ton sujet et tu es une mine de savoir dans ton domaine. <\/span><\/i><b><i>Tu partages ton savoir <\/i><\/b><i><span style=\"font-weight: 400;\">de mani\u00e8re pr\u00e9cise et le <\/span><\/i><b><i>dossier <\/i><\/b><i><span style=\"font-weight: 400;\">que tu m\u2019as pr\u00e9sent\u00e9 est <\/span><\/i><b><i>tr\u00e8s complet et agr\u00e9able \u00e0 compulser <\/i><\/b><i><span style=\"font-weight: 400;\">afin de mettre en pratique tes\u00a0<\/span><\/i><\/p>\n<p><i><span style=\"font-weight: 400;\">conseils avis\u00e9s. Notre parcours m\u2019a permis de <\/span><\/i><b><i>me ressourcer <\/i><\/b><i><span style=\"font-weight: 400;\">et je conseillerais tes services \u00e0 toute personne d\u00e9sireuse de <\/span><\/i><b><i>redonner de l&#8217; \u00e9nergie \u00e0 son int\u00e9rieur professionnel ou priv\u00e9.\u00a0<\/i><\/b><\/p>\n<p><i><span style=\"font-weight: 400;\">Les probl\u00e9matiques r\u00e9solues: <\/span><\/i><b><i>perte d\u2019\u00e9nergie physique ou confiance en soi<\/i><\/b><i><span style=\"font-weight: 400;\">. <\/span><\/i><b><i>R\u00e9\u00e9quilibrage des \u00e9nergies dans la maison<\/i><\/b><i><span style=\"font-weight: 400;\">.\u00a0<\/span><\/i><\/p>\n<p><i><span style=\"font-weight: 400;\">Bien amicalement. <\/span><\/i><span style=\"font-weight: 400;\">\u00bb\u00a0<\/span><\/p>\n<p style=\"text-align: right;\"><span style=\"font-weight: 400;\"><em>Bernadette<\/em>\u00a0<\/span><\/p>\n<p>[\/vc_column_text][\/vc_column][\/vc_row]<\/p>\n","protected":false},"excerpt":{"rendered":"<p>[vc_row css=&#8221;.vc_custom_1506489625791{margin-bottom: 40px !important;}&#8221;][vc_column css_animation=&#8221;fadeIn&#8221;][vc_video link=&#8221;https:\/\/youtu.be\/-Z9YJnL3ERc&#8221; align=&#8221;center&#8221;][\/vc_column][\/vc_row][vc_row][vc_column][vc_custom_heading text=&#8221;Heureuse de partager les retours de mes clientes&#8221; font_container=&#8221;tag:h2|font_size:66px|text_align:center|color:%23575558|line_height:70px&#8221; use_theme_fonts=&#8221;yes&#8221; el_class=&#8221;capitalize responsive-size&#8221; css=&#8221;.vc_custom_1598955704150{margin-bottom:<\/p>\n","protected":false},"author":1,"featured_media":0,"parent":0,"menu_order":0,"comment_status":"closed","ping_status":"closed","template":"","meta":[],"yoast_head":"<!-- This site is optimized with the Yoast SEO plugin v14.9 - https:\/\/yoast.com\/wordpress\/plugins\/seo\/ -->\n<title>T\u00e9moignages - Regard d&#039;int\u00e9rieurs<\/title>\n<meta name=\"robots\" content=\"index, follow, max-snippet:-1, max-image-preview:large, max-video-preview:-1\" \/>\n<link rel=\"canonical\" href=\"https:\/\/regarddinterieurs.be\/index.php\/temoignages\/\" \/>\n<meta property=\"og:locale\" content=\"fr_FR\" \/>\n<meta property=\"og:type\" content=\"article\" \/>\n<meta property=\"og:title\" content=\"T\u00e9moignages - Regard d&#039;int\u00e9rieurs\" \/>\n<meta property=\"og:description\" content=\"[vc_row css=&#8221;.vc_custom_1506489625791{margin-bottom: 40px !important;}&#8221;][vc_column css_animation=&#8221;fadeIn&#8221;][vc_video link=&#8221;https:\/\/youtu.be\/-Z9YJnL3ERc&#8221; align=&#8221;center&#8221;][\/vc_column][\/vc_row][vc_row][vc_column][vc_custom_heading text=&#8221;Heureuse de partager les retours de mes clientes&#8221; font_container=&#8221;tag:h2|font_size:66px|text_align:center|color:%23575558|line_height:70px&#8221; use_theme_fonts=&#8221;yes&#8221; el_class=&#8221;capitalize responsive-size&#8221; css=&#8221;.vc_custom_1598955704150{margin-bottom:\" \/>\n<meta property=\"og:url\" content=\"https:\/\/regarddinterieurs.be\/index.php\/temoignages\/\" \/>\n<meta property=\"og:site_name\" content=\"Regard d&#039;int\u00e9rieur\" \/>\n<meta property=\"article:publisher\" content=\"https:\/\/www.facebook.com\/Regard-dInt%c3%a9rieurs-1458753811055216\" \/>\n<meta property=\"article:modified_time\" content=\"2020-09-04T16:24:19+00:00\" \/>\n<meta name=\"twitter:card\" content=\"summary_large_image\" \/>\n<script type=\"application\/ld+json\" class=\"yoast-schema-graph\">{\"@context\":\"https:\/\/schema.org\",\"@graph\":[{\"@type\":\"WebSite\",\"@id\":\"https:\/\/regarddinterieurs.be\/#website\",\"url\":\"https:\/\/regarddinterieurs.be\/\",\"name\":\"Regard d&#039;int\\u00e9rieur\",\"description\":\"Un nouveau regard sur ton int\\u00e9rieur\",\"potentialAction\":[{\"@type\":\"SearchAction\",\"target\":\"https:\/\/regarddinterieurs.be\/?s={search_term_string}\",\"query-input\":\"required name=search_term_string\"}],\"inLanguage\":\"fr-FR\"},{\"@type\":\"WebPage\",\"@id\":\"https:\/\/regarddinterieurs.be\/index.php\/temoignages\/#webpage\",\"url\":\"https:\/\/regarddinterieurs.be\/index.php\/temoignages\/\",\"name\":\"T\\u00e9moignages - Regard d'int\\u00e9rieurs\",\"isPartOf\":{\"@id\":\"https:\/\/regarddinterieurs.be\/#website\"},\"datePublished\":\"2020-08-29T20:49:23+00:00\",\"dateModified\":\"2020-09-04T16:24:19+00:00\",\"inLanguage\":\"fr-FR\",\"potentialAction\":[{\"@type\":\"ReadAction\",\"target\":[\"https:\/\/regarddinterieurs.be\/index.php\/temoignages\/\"]}]}]}<\/script>\n<!-- \/ Yoast SEO plugin. -->","_links":{"self":[{"href":"https:\/\/regarddinterieurs.be\/index.php\/wp-json\/wp\/v2\/pages\/606"}],"collection":[{"href":"https:\/\/regarddinterieurs.be\/index.php\/wp-json\/wp\/v2\/pages"}],"about":[{"href":"https:\/\/regarddinterieurs.be\/index.php\/wp-json\/wp\/v2\/types\/page"}],"author":[{"embeddable":true,"href":"https:\/\/regarddinterieurs.be\/index.php\/wp-json\/wp\/v2\/users\/1"}],"replies":[{"embeddable":true,"href":"https:\/\/regarddinterieurs.be\/index.php\/wp-json\/wp\/v2\/comments?post=606"}],"version-history":[{"count":12,"href":"https:\/\/regarddinterieurs.be\/index.php\/wp-json\/wp\/v2\/pages\/606\/revisions"}],"predecessor-version":[{"id":800,"href":"https:\/\/regarddinterieurs.be\/index.php\/wp-json\/wp\/v2\/pages\/606\/revisions\/800"}],"wp:attachment":[{"href":"https:\/\/regarddinterieurs.be\/index.php\/wp-json\/wp\/v2\/media?parent=606"}],"curies":[{"name":"wp","href":"https:\/\/api.w.org\/{rel}","templated":true}]}}